{"id":4,"date":"2016-06-10T22:19:32","date_gmt":"2016-06-10T22:19:32","guid":{"rendered":"http:\/\/hecultura.com\/jazzenclaypole\/?page_id=4"},"modified":"2017-08-01T16:02:41","modified_gmt":"2017-08-01T16:02:41","slug":"jazz-en-claypole","status":"publish","type":"page","link":"https:\/\/lacasaclaypole.org.ar\/jazzenclaypole\/","title":{"rendered":"Jazz en Claypole"},"content":{"rendered":"<p>[et_pb_section admin_label=\u00bbSecci\u00f3n\u00bb fullwidth=\u00bbon\u00bb specialty=\u00bboff\u00bb transparent_background=\u00bboff\u00bb allow_player_pause=\u00bboff\u00bb inner_shadow=\u00bboff\u00bb parallax=\u00bboff\u00bb parallax_method=\u00bboff\u00bb padding_mobile=\u00bboff\u00bb make_fullwidth=\u00bboff\u00bb use_custom_width=\u00bboff\u00bb width_unit=\u00bbon\u00bb make_equal=\u00bboff\u00bb use_custom_gutter=\u00bboff\u00bb module_id=\u00bbtop\u00bb background_color=\u00bbrgba(255,255,255,0)\u00bb][et_pb_fullwidth_header admin_label=\u00bbT\u00edtulo de anchura completa\u00bb background_layout=\u00bblight\u00bb text_orientation=\u00bbleft\u00bb header_fullscreen=\u00bbon\u00bb header_scroll_down=\u00bboff\u00bb parallax=\u00bbon\u00bb parallax_method=\u00bbon\u00bb content_orientation=\u00bbcenter\u00bb image_orientation=\u00bbcenter\u00bb custom_button_one=\u00bboff\u00bb button_one_letter_spacing=\u00bb0&#8243; button_one_use_icon=\u00bbdefault\u00bb button_one_icon_placement=\u00bbright\u00bb button_one_on_hover=\u00bbon\u00bb button_one_letter_spacing_hover=\u00bb0&#8243; custom_button_two=\u00bboff\u00bb button_two_letter_spacing=\u00bb0&#8243; button_two_use_icon=\u00bbdefault\u00bb button_two_icon_placement=\u00bbright\u00bb button_two_on_hover=\u00bbon\u00bb button_two_letter_spacing_hover=\u00bb0&#8243; custom_css_main_element=\u00bb background-size: 100%;||\u00bb background_url=\u00bbhttps:\/\/lacasaclaypole.org.ar\/jazzenclaypole\/wp-content\/uploads\/2016\/06\/PORTADA-PA\u0301GINA-JAZZ-1.png\u00bb] [\/et_pb_fullwidth_header][\/et_pb_section][et_pb_section admin_label=\u00bbsection\u00bb transparent_background=\u00bboff\u00bb background_color=\u00bb#191919&#8243; allow_player_pause=\u00bboff\u00bb inner_shadow=\u00bboff\u00bb parallax=\u00bbon\u00bb parallax_method=\u00bboff\u00bb padding_mobile=\u00bboff\u00bb make_fullwidth=\u00bboff\u00bb use_custom_width=\u00bboff\u00bb width_unit=\u00bbon\u00bb make_equal=\u00bboff\u00bb use_custom_gutter=\u00bboff\u00bb module_id=\u00bbsinopsis\u00bb background_image=\u00bbhttps:\/\/lacasaclaypole.org.ar\/jazzenclaypole\/wp-content\/uploads\/2016\/06\/SCALANDRUM-4-2.jpg\u00bb custom_padding=\u00bb||250px|\u00bb][et_pb_row admin_label=\u00bbrow\u00bb][et_pb_column type=\u00bb4_4&#8243;][et_pb_text admin_label=\u00bbTexto\u00bb background_layout=\u00bbdark\u00bb text_orientation=\u00bbleft\u00bb use_border_color=\u00bboff\u00bb border_color=\u00bb#ffffff\u00bb border_style=\u00bbsolid\u00bb]<\/p>\n<h2 style=\"text-align: center;\">SINOPSIS<\/h2>\n<p>[\/et_pb_text][et_pb_tabs admin_label=\u00bbPesta\u00f1as\u00bb use_border_color=\u00bboff\u00bb border_color=\u00bb#ffffff\u00bb border_style=\u00bbsolid\u00bb body_text_color=\u00bb#fcfcfc\u00bb background_color=\u00bbrgba(0,0,0,0.27)\u00bb background_image=\u00bbhttps:\/\/lacasaclaypole.org.ar\/jazzenclaypole\/wp-content\/uploads\/2016\/06\/LC_FT_01.jpg\u00bb] [et_pb_tab tab_font_select=\u00bbdefault\u00bb tab_font=\u00bb||||\u00bb tab_line_height=\u00bb2em\u00bb tab_line_height_tablet=\u00bb2em\u00bb tab_line_height_phone=\u00bb2em\u00bb body_font_select=\u00bbdefault\u00bb body_font=\u00bb||||\u00bb body_line_height=\u00bb2em\u00bb body_line_height_tablet=\u00bb2em\u00bb body_line_height_phone=\u00bb2em\u00bb title=\u00bb(ESP)\u00bb]<\/p>\n<p id=\"E90\" class=\"qowt-stl-Body\"><span id=\"E91\" class=\"qowt-font7-Arial qowt-stl-None\">El jazz<\/span><span id=\"E92\" class=\"qowt-font7-Arial qowt-stl-None\">: un g\u00e9nero que nacido en los guetos negros estadounidenses acaba siendo apropiado por la burgues\u00eda blanca para extra\u00f1arlo de sus or\u00edgenes y hacerlo digerible solo por una peque\u00f1a elite, hasta convertirlo en sin\u00f3nimo de cultura \u201c<\/span><span id=\"E94\" class=\"qowt-font7-Arial qowt-stl-None\">cool<\/span><span id=\"E96\" class=\"qowt-font7-Arial qowt-stl-None\">\u201d de un peque\u00f1o grupo privilegiado.<\/span><\/p>\n<p id=\"E97\" class=\"qowt-stl-Body\"><span id=\"E99\" class=\"qowt-font7-Arial qowt-stl-None\">Claypole<\/span><span id=\"E101\" class=\"qowt-font7-Arial qowt-stl-None\">: un barrio t\u00edpico del conurbano sur bonaerense, con gran parte de sus necesidades b\u00e1sicas insatisfechas y alejado de cualquier tipo de oferta cultural genuina y sistem\u00e1tica.<\/span><\/p>\n<p id=\"E102\" class=\"qowt-stl-Body\"><span id=\"E103\" class=\"qowt-font7-Arial qowt-stl-None\">\u00bfEs posible el encuentro de estas dos realidades? El documental narra la experiencia de reapropiaci\u00f3n del g\u00e9nero por un suburbio olvidado mediante la organizaci\u00f3n del festival JAZZ EN <\/span><span id=\"E105\" class=\"qowt-font7-Arial qowt-stl-None\">CLAYPOLE<\/span><span id=\"E107\" class=\"qowt-font7-Arial qowt-stl-None\"> durante los a\u00f1os 2012 y 2013, que convoc\u00f3 grandes nombres nacionales e internacionales e involucr\u00f3 a los vecinos que generosamente abrieron sus puertas a la propuesta y participaron activamente de su producci\u00f3n. Tanto el ciclo como este documental son el resultado de una creaci\u00f3n colectiva de la gente del barrio. JAZZ EN <\/span><span id=\"E109\" class=\"qowt-font7-Arial qowt-stl-None\">CLAYPOLE<\/span><span id=\"E111\" class=\"qowt-font7-Arial qowt-stl-None\"> relata esta experiencia a trav\u00e9s de la voz de los propios vecinos y de los m\u00fasicos que participaron, derribando mitos acerca del g\u00e9nero y demostrando que es posible la construcci\u00f3n de un patrimonio cultural com\u00fan mediante la participaci\u00f3n y el fortalecimiento del colectivo.<\/span><\/p>\n<p>[\/et_pb_tab][et_pb_tab title=\u00bb(ENG)\u00bb tab_font_select=\u00bbdefault\u00bb tab_font=\u00bb||||\u00bb tab_line_height=\u00bb2em\u00bb tab_line_height_tablet=\u00bb2em\u00bb tab_line_height_phone=\u00bb2em\u00bb body_font_select=\u00bbdefault\u00bb body_font=\u00bb||||\u00bb body_line_height=\u00bb2em\u00bb body_line_height_tablet=\u00bb2em\u00bb body_line_height_phone=\u00bb2em\u00bb]<\/p>\n<p id=\"E113\"><span id=\"E120\" class=\"qowt-font7-Arial qowt-stl-None\">JAZZ IN <\/span><span id=\"E122\" class=\"qowt-font7-Arial qowt-stl-None\">CLAYPOLE<\/span><\/p>\n<p id=\"E124\" class=\"qowt-stl-Body\"><span id=\"E125\" class=\"qowt-font7-Arial qowt-stl-None\">Jazz<\/span><span id=\"E126\" class=\"qowt-font7-Arial qowt-stl-None\">: A musical genre born in the black American ghetto, that was eventually appropriated by the white elite who shifted it away from its origins to form the Jazz synonymous today with the \u00abcool\u00bb culture of a small privileged group.<\/span><\/p>\n<p id=\"E127\" class=\"qowt-stl-Body\"><span id=\"E129\" class=\"qowt-font7-Arial qowt-stl-None\">Claypole<\/span><span id=\"E131\" class=\"qowt-font7-Arial qowt-stl-None\">: A typical working-class suburb of Greater Buenos Aires, with many of its basic needs unsatisfied and so far lacking a cultural center with a genuine and constant agenda of activities.<\/span><\/p>\n<p id=\"E132\" class=\"qowt-stl-Body\"><span id=\"E133\" class=\"qowt-font7-Arial qowt-stl-None\">Is it possible for these two realities to coincide? This film shows how people from this unknown suburb discovered a musical genre on their own terms, through the organization of the 2012 and 2013 JAZZ IN <\/span><span id=\"E135\" class=\"qowt-font7-Arial qowt-stl-None\">CLAYPOLE<\/span><span id=\"E137\" class=\"qowt-font7-Arial qowt-stl-None\"> <\/span><span id=\"E139\" class=\"qowt-font7-Arial qowt-stl-None\">FESTIVALs<\/span><span id=\"E141\" class=\"qowt-font7-Arial qowt-stl-None\">, which featured important national and international musicians.<\/span><\/p>\n<p id=\"E142\" class=\"qowt-stl-Body\"><span id=\"E143\" class=\"qowt-font7-Arial qowt-stl-None\">The festival involved the <\/span><span id=\"E145\" class=\"qowt-font7-Arial qowt-stl-None\">neighbours<\/span><span id=\"E147\" class=\"qowt-font7-Arial qowt-stl-None\">, who actively participated in its production. Both the festival and the documentary produced <\/span><span id=\"E149\" class=\"qowt-font7-Arial qowt-stl-None\">afterward,<\/span><span id=\"E151\" class=\"qowt-font7-Arial qowt-stl-None\"> are the results of a cooperative project by the local people. The JAZZ IN <\/span><span id=\"E153\" class=\"qowt-font7-Arial qowt-stl-None\">CLAYPOLE<\/span><span id=\"E155\" class=\"qowt-font7-Arial qowt-stl-None\"> documentary reports this experience through the voice of the <\/span><span id=\"E157\" class=\"qowt-font7-Arial qowt-stl-None\">neighbours<\/span><span id=\"E159\" class=\"qowt-font7-Arial qowt-stl-None\"> and the musicians who participated, demystifying the genre of Jazz and showing that it is possible to build a common cultural heritage through participation and shared community goals.<\/span><\/p>\n<p>[\/et_pb_tab][et_pb_tab title=\u00bb(PORT)\u00bb tab_font_select=\u00bbdefault\u00bb tab_font=\u00bb||||\u00bb tab_line_height=\u00bb2em\u00bb tab_line_height_tablet=\u00bb2em\u00bb tab_line_height_phone=\u00bb2em\u00bb body_font_select=\u00bbdefault\u00bb body_font=\u00bb||||\u00bb body_line_height=\u00bb2em\u00bb body_line_height_tablet=\u00bb2em\u00bb body_line_height_phone=\u00bb2em\u00bb]<\/p>\n<p id=\"E161\" class=\"qowt-stl-Body\">JAZZ EM CLAYPOLE<\/p>\n<p class=\"qowt-stl-Body\">O jazz: Um g\u00eanero nascido nos guetos negros americanos que acaba sendo apropriado pela burguesia branca e \u00e9 estranhado das suas origens para faz\u00ea-lo diger\u00edvel somente para uma pequena elite, at\u00e9 que se converte em sin\u00f4nimo de cultura \u201ccool\u201d apenas para um grupo privilegiado.<\/p>\n<p class=\"qowt-stl-Body\">Claypole: um t\u00edpico bairro de sub\u00farbio da Grande Buenos Aires, com uma grande parte das suas necessidades b\u00e1sicas insatisfeitas e longe de qualquer tipo de oferta cultural genu\u00edna y sistem\u00e1tica.<\/p>\n<p class=\"qowt-stl-Body\">\u00c9 poss\u00edvel o encontro destas duas realidades? Este document\u00e1rio narra a experi\u00eancia da re-apropria\u00e7\u00e3o do g\u00eanero por um sub\u00farbio esquecido, mediante a organiza\u00e7\u00e3o do festival JAZZ EN CLAYPOLE nos anos 2012 e 2013, que convocou grandes nomes da m\u00fasica nacional e internacional, envolvendo os vizinhos da comunidades que generosamente abriram suas portas \u00e0 proposta e participaram ativamente da sua produ\u00e7\u00e3o. Tanto o ciclo como este document\u00e1rio s\u00e3o o resultado de uma cria\u00e7\u00e3o coletiva da gente do bairro. JAZZ EN CLAYPOLE relata esta experi\u00eancia pela voz dos pr\u00f3prios vizinhos e dos m\u00fasicos que participaram, derrubando mitos e demonstrando que \u00e9 poss\u00edvel a constru\u00e7\u00e3o de um patrim\u00f4nio cultural mediante a participa\u00e7\u00e3o e o fortalecimento do coletivo.<\/p>\n<p>[\/et_pb_tab] [\/et_pb_tabs][\/et_pb_column][\/et_pb_row][\/et_pb_section][et_pb_section admin_label=\u00bbROW\u00bb transparent_background=\u00bboff\u00bb background_color=\u00bb#191919&#8243; allow_player_pause=\u00bboff\u00bb inner_shadow=\u00bboff\u00bb parallax=\u00bbon\u00bb parallax_method=\u00bboff\u00bb padding_mobile=\u00bboff\u00bb make_fullwidth=\u00bboff\u00bb use_custom_width=\u00bboff\u00bb width_unit=\u00bbon\u00bb make_equal=\u00bboff\u00bb use_custom_gutter=\u00bboff\u00bb module_id=\u00bbpremios\u00bb background_image=\u00bbhttps:\/\/lacasaclaypole.org.ar\/jazzenclaypole\/wp-content\/uploads\/2016\/06\/029-1.jpg\u00bb custom_padding=\u00bb||100px|\u00bb][et_pb_row admin_label=\u00bbrow\u00bb make_fullwidth=\u00bboff\u00bb use_custom_width=\u00bboff\u00bb width_unit=\u00bbon\u00bb use_custom_gutter=\u00bboff\u00bb padding_mobile=\u00bboff\u00bb allow_player_pause=\u00bboff\u00bb parallax=\u00bboff\u00bb parallax_method=\u00bboff\u00bb make_equal=\u00bboff\u00bb parallax_1=\u00bboff\u00bb parallax_method_1=\u00bboff\u00bb column_padding_mobile=\u00bbon\u00bb][et_pb_column type=\u00bb4_4&#8243;][et_pb_text admin_label=\u00bbTexto\u00bb background_layout=\u00bbdark\u00bb text_orientation=\u00bbleft\u00bb use_border_color=\u00bboff\u00bb border_color=\u00bb#ffffff\u00bb border_style=\u00bbsolid\u00bb text_line_height=\u00bb1.3em\u00bb]<\/p>\n<h2 style=\"text-align: center;\"><\/h2>\n<h2 style=\"text-align: center;\">PREMIOS<\/h2>\n<p>[\/et_pb_text][et_pb_image admin_label=\u00bbImagen\u00bb src=\u00bbhttps:\/\/lacasaclaypole.org.ar\/jazzenclaypole\/wp-content\/uploads\/2017\/06\/LAURELES-PA\u0301GINA-JAZZ-EN-CLAYPOLE-OPACO.png\u00bb show_in_lightbox=\u00bboff\u00bb url_new_window=\u00bboff\u00bb use_overlay=\u00bboff\u00bb animation=\u00bboff\u00bb sticky=\u00bbon\u00bb align=\u00bbcenter\u00bb force_fullwidth=\u00bboff\u00bb always_center_on_mobile=\u00bbon\u00bb use_border_color=\u00bboff\u00bb border_color=\u00bb#ffffff\u00bb border_style=\u00bbsolid\u00bb] [\/et_pb_image][\/et_pb_column][\/et_pb_row][et_pb_row admin_label=\u00bbFila\u00bb][et_pb_column type=\u00bb4_4&#8243;][\/et_pb_column][\/et_pb_row][\/et_pb_section][et_pb_section admin_label=\u00bbsection\u00bb transparent_background=\u00bboff\u00bb background_color=\u00bb#000000&#8243; allow_player_pause=\u00bboff\u00bb inner_shadow=\u00bbon\u00bb parallax=\u00bbon\u00bb parallax_method=\u00bboff\u00bb padding_mobile=\u00bboff\u00bb make_fullwidth=\u00bboff\u00bb use_custom_width=\u00bboff\u00bb width_unit=\u00bbon\u00bb make_equal=\u00bboff\u00bb use_custom_gutter=\u00bboff\u00bb module_id=\u00bbtrailer\u00bb custom_padding=\u00bb||250px|\u00bb background_image=\u00bbhttps:\/\/lacasaclaypole.org.ar\/jazzenclaypole\/wp-content\/uploads\/2016\/06\/337-1.jpg\u00bb][et_pb_row admin_label=\u00bbFila\u00bb make_fullwidth=\u00bbon\u00bb use_custom_width=\u00bboff\u00bb width_unit=\u00bbon\u00bb use_custom_gutter=\u00bboff\u00bb padding_mobile=\u00bboff\u00bb allow_player_pause=\u00bboff\u00bb parallax=\u00bboff\u00bb parallax_method=\u00bboff\u00bb make_equal=\u00bboff\u00bb parallax_1=\u00bboff\u00bb parallax_method_1=\u00bboff\u00bb column_padding_mobile=\u00bbon\u00bb custom_padding=\u00bb0px|0px|0px|0px\u00bb][et_pb_column type=\u00bb4_4&#8243;][et_pb_text admin_label=\u00bbTRAILER\u00bb background_layout=\u00bbdark\u00bb text_orientation=\u00bbleft\u00bb use_border_color=\u00bboff\u00bb border_color=\u00bb#ffffff\u00bb border_style=\u00bbsolid\u00bb]<\/p>\n<h2 style=\"text-align: center;\">TRAILER<\/h2>\n<p>[\/et_pb_text][et_pb_text admin_label=\u00bbTexto\u00bb background_layout=\u00bblight\u00bb text_orientation=\u00bbcenter\u00bb use_border_color=\u00bboff\u00bb border_color=\u00bb#ffffff\u00bb border_style=\u00bbsolid\u00bb]<\/p>\n<p><iframe loading=\"lazy\" src=\"https:\/\/www.youtube.com\/embed\/jkHDHUNueBg\" width=\"853\" height=\"480\" frameborder=\"0\" allowfullscreen=\"allowfullscreen\"><\/iframe><\/p>\n<p>[\/et_pb_text][\/et_pb_column][\/et_pb_row][\/et_pb_section][et_pb_section admin_label=\u00bbsection\u00bb transparent_background=\u00bboff\u00bb background_color=\u00bb#000000&#8243; allow_player_pause=\u00bboff\u00bb inner_shadow=\u00bbon\u00bb parallax=\u00bbon\u00bb parallax_method=\u00bboff\u00bb padding_mobile=\u00bboff\u00bb make_fullwidth=\u00bboff\u00bb use_custom_width=\u00bboff\u00bb width_unit=\u00bbon\u00bb make_equal=\u00bboff\u00bb use_custom_gutter=\u00bboff\u00bb module_id=\u00bbescenas\u00bb background_image=\u00bbhttps:\/\/lacasaclaypole.org.ar\/jazzenclaypole\/wp-content\/uploads\/2016\/06\/162-2.jpg\u00bb][et_pb_row admin_label=\u00bbFila\u00bb make_fullwidth=\u00bbon\u00bb use_custom_width=\u00bboff\u00bb width_unit=\u00bbon\u00bb use_custom_gutter=\u00bboff\u00bb padding_mobile=\u00bboff\u00bb allow_player_pause=\u00bboff\u00bb parallax=\u00bboff\u00bb parallax_method=\u00bboff\u00bb make_equal=\u00bboff\u00bb parallax_1=\u00bboff\u00bb parallax_method_1=\u00bboff\u00bb column_padding_mobile=\u00bbon\u00bb][et_pb_column type=\u00bb4_4&#8243;][et_pb_text admin_label=\u00bbESCENAS\u00bb background_layout=\u00bbdark\u00bb text_orientation=\u00bbleft\u00bb use_border_color=\u00bboff\u00bb border_color=\u00bb#ffffff\u00bb border_style=\u00bbsolid\u00bb]<\/p>\n<h2 style=\"text-align: center;\">ESCENAS<\/h2>\n<p>[\/et_pb_text][et_pb_gallery admin_label=\u00bbGaler\u00eda\u00bb gallery_ids=\u00bb65,66,67,68,69,70,71,72&#8243; fullwidth=\u00bboff\u00bb posts_number=\u00bb8&#8243; show_title_and_caption=\u00bboff\u00bb show_pagination=\u00bboff\u00bb background_layout=\u00bblight\u00bb auto=\u00bboff\u00bb hover_overlay_color=\u00bbrgba(255,255,255,0.9)\u00bb caption_all_caps=\u00bboff\u00bb use_border_color=\u00bboff\u00bb border_color=\u00bb#ffffff\u00bb border_style=\u00bbsolid\u00bb]<br \/>\n[\/et_pb_gallery][\/et_pb_column][\/et_pb_row][\/et_pb_section][et_pb_section admin_label=\u00bbsection\u00bb transparent_background=\u00bboff\u00bb background_color=\u00bb#000000&#8243; allow_player_pause=\u00bboff\u00bb inner_shadow=\u00bbon\u00bb parallax=\u00bbon\u00bb parallax_method=\u00bboff\u00bb padding_mobile=\u00bboff\u00bb make_fullwidth=\u00bboff\u00bb use_custom_width=\u00bboff\u00bb width_unit=\u00bbon\u00bb make_equal=\u00bboff\u00bb use_custom_gutter=\u00bboff\u00bb module_id=\u00bbafiche\u00bb background_image=\u00bbhttps:\/\/lacasaclaypole.org.ar\/jazzenclaypole\/wp-content\/uploads\/2016\/06\/119-2-1.jpg\u00bb][et_pb_row admin_label=\u00bbFila\u00bb make_fullwidth=\u00bbon\u00bb use_custom_width=\u00bboff\u00bb width_unit=\u00bbon\u00bb use_custom_gutter=\u00bboff\u00bb padding_mobile=\u00bboff\u00bb allow_player_pause=\u00bboff\u00bb parallax=\u00bboff\u00bb parallax_method=\u00bboff\u00bb make_equal=\u00bboff\u00bb parallax_1=\u00bboff\u00bb parallax_method_1=\u00bboff\u00bb column_padding_mobile=\u00bbon\u00bb][et_pb_column type=\u00bb4_4&#8243;][et_pb_text admin_label=\u00bbafiche\u00bb background_layout=\u00bbdark\u00bb text_orientation=\u00bbleft\u00bb use_border_color=\u00bboff\u00bb border_color=\u00bb#ffffff\u00bb border_style=\u00bbsolid\u00bb]<\/p>\n<h2 style=\"text-align: center;\">AFICHE<\/h2>\n<p>[\/et_pb_text][\/et_pb_column][\/et_pb_row][et_pb_row admin_label=\u00bbFila\u00bb make_fullwidth=\u00bbon\u00bb use_custom_width=\u00bboff\u00bb width_unit=\u00bbon\u00bb use_custom_gutter=\u00bboff\u00bb padding_mobile=\u00bboff\u00bb allow_player_pause=\u00bboff\u00bb parallax=\u00bboff\u00bb parallax_method=\u00bboff\u00bb make_equal=\u00bboff\u00bb parallax_1=\u00bboff\u00bb parallax_method_1=\u00bboff\u00bb column_padding_mobile=\u00bbon\u00bb][et_pb_column type=\u00bb1_3&#8243;][et_pb_text admin_label=\u00bbTexto\u00bb background_layout=\u00bblight\u00bb text_orientation=\u00bbleft\u00bb use_border_color=\u00bboff\u00bb border_color=\u00bb#ffffff\u00bb border_style=\u00bbsolid\u00bb custom_css_main_element=\u00bbopacity:0;\u00bb]<\/p>\n<p>jazz en claypole<\/p>\n<p>[\/et_pb_text][\/et_pb_column][et_pb_column type=\u00bb1_3&#8243;][et_pb_code admin_label=\u00bbC\u00f3digo\u00bb]&lt;div class=\u00bbet_pb_module et_pb_gallery et_pb_gallery_1 et_pb_gallery_grid et_pb_bg_layout_light clearfix\u00bb style=\u00bbdisplay: block;\u00bb&gt; &lt;div class=\u00bbet_pb_gallery_items et_post_gallery\u00bb data-per_page=\u00bb8&#8243;&gt;&lt;div class=\u00bbet_pb_gallery_item et_pb_grid_item et_pb_bg_layout_light\u00bb&gt; &lt;div class=\u00bbet_pb_gallery_image landscape\u00bb&gt; &lt;a href=\u00bbhttps:\/\/lacasaclaypole.org.ar\/jazzenclaypole\/wp-content\/uploads\/2016\/06\/afiche.jpg\u00bb title=\u00bbafiche\u00bb&gt; &lt;img src=\u00bbhttps:\/\/lacasaclaypole.org.ar\/jazzenclaypole\/wp-content\/uploads\/2016\/06\/afiche.jpg\u00bb alt=\u00bbafiche\u00bb&gt; &lt;span class=\u00bbet_overlay\u00bb&gt;&lt;\/span&gt; &lt;\/a&gt; &lt;\/div&gt;&lt;\/div&gt;&lt;\/div&gt;&lt;!&#8211; .et_pb_gallery_items &#8211;&gt;&lt;div class=\u00bbet_pb_gallery_pagination\u00bb style=\u00bbdisplay: none;\u00bb&gt;&lt;ul&gt;&lt;\/ul&gt;&lt;\/div&gt;&lt;\/div&gt;[\/et_pb_code][\/et_pb_column][et_pb_column type=\u00bb1_3&#8243;][et_pb_text admin_label=\u00bbTexto\u00bb background_layout=\u00bblight\u00bb text_orientation=\u00bbleft\u00bb use_border_color=\u00bboff\u00bb border_color=\u00bb#ffffff\u00bb border_style=\u00bbsolid\u00bb custom_css_main_element=\u00bbopacity:0;\u00bb]<\/p>\n<p>jazz en claypole<\/p>\n<p>[\/et_pb_text][\/et_pb_column][\/et_pb_row][\/et_pb_section][et_pb_section admin_label=\u00bbsection\u00bb transparent_background=\u00bboff\u00bb background_color=\u00bb#000000&#8243; allow_player_pause=\u00bboff\u00bb inner_shadow=\u00bbon\u00bb parallax=\u00bbon\u00bb parallax_method=\u00bboff\u00bb padding_mobile=\u00bboff\u00bb make_fullwidth=\u00bboff\u00bb use_custom_width=\u00bboff\u00bb width_unit=\u00bbon\u00bb make_equal=\u00bboff\u00bb use_custom_gutter=\u00bboff\u00bb module_id=\u00bbafiches\u00bb background_image=\u00bbhttps:\/\/lacasaclaypole.org.ar\/jazzenclaypole\/wp-content\/uploads\/2016\/06\/NS-2.jpg\u00bb][et_pb_row admin_label=\u00bbFila\u00bb make_fullwidth=\u00bbon\u00bb use_custom_width=\u00bboff\u00bb width_unit=\u00bbon\u00bb use_custom_gutter=\u00bboff\u00bb padding_mobile=\u00bboff\u00bb allow_player_pause=\u00bboff\u00bb parallax=\u00bboff\u00bb parallax_method=\u00bboff\u00bb make_equal=\u00bboff\u00bb parallax_1=\u00bboff\u00bb parallax_method_1=\u00bboff\u00bb column_padding_mobile=\u00bbon\u00bb][et_pb_column type=\u00bb4_4&#8243;][et_pb_text admin_label=\u00bbAFICHES DEL FESTIVAL\u00bb background_layout=\u00bbdark\u00bb text_orientation=\u00bbcenter\u00bb use_border_color=\u00bboff\u00bb border_color=\u00bb#ffffff\u00bb border_style=\u00bbsolid\u00bb]<\/p>\n<h2>AFICHES DEL FESTIVAL<\/h2>\n<p>[\/et_pb_text][et_pb_gallery admin_label=\u00bbGaler\u00eda\u00bb gallery_ids=\u00bb317,316,315,314,313,312,311,310,309,308,307,306,305,338,337,336,335,334,333,332,331,330,329,328,327,326,325,324,323,322,320,319,318&#8243; fullwidth=\u00bboff\u00bb posts_number=\u00bb8&#8243; show_title_and_caption=\u00bboff\u00bb show_pagination=\u00bbon\u00bb background_layout=\u00bblight\u00bb auto=\u00bboff\u00bb hover_overlay_color=\u00bbrgba(255,255,255,0.9)\u00bb caption_all_caps=\u00bboff\u00bb use_border_color=\u00bboff\u00bb border_color=\u00bb#ffffff\u00bb border_style=\u00bbsolid\u00bb]<br \/>\n[\/et_pb_gallery][\/et_pb_column][\/et_pb_row][\/et_pb_section][et_pb_section admin_label=\u00bbsection\u00bb transparent_background=\u00bboff\u00bb background_color=\u00bb#000000&#8243; allow_player_pause=\u00bboff\u00bb inner_shadow=\u00bbon\u00bb parallax=\u00bboff\u00bb parallax_method=\u00bboff\u00bb padding_mobile=\u00bboff\u00bb make_fullwidth=\u00bboff\u00bb use_custom_width=\u00bboff\u00bb width_unit=\u00bbon\u00bb make_equal=\u00bboff\u00bb use_custom_gutter=\u00bboff\u00bb module_id=\u00bbfotos\u00bb][et_pb_row admin_label=\u00bbFila\u00bb make_fullwidth=\u00bbon\u00bb use_custom_width=\u00bboff\u00bb width_unit=\u00bbon\u00bb use_custom_gutter=\u00bboff\u00bb padding_mobile=\u00bboff\u00bb allow_player_pause=\u00bboff\u00bb parallax=\u00bboff\u00bb parallax_method=\u00bboff\u00bb make_equal=\u00bboff\u00bb parallax_1=\u00bboff\u00bb parallax_method_1=\u00bboff\u00bb column_padding_mobile=\u00bbon\u00bb][et_pb_column type=\u00bb4_4&#8243;][et_pb_text admin_label=\u00bbFOTOS\u00bb background_layout=\u00bbdark\u00bb text_orientation=\u00bbcenter\u00bb use_border_color=\u00bboff\u00bb border_color=\u00bb#ffffff\u00bb border_style=\u00bbsolid\u00bb]<\/p>\n<h2>FOTOS<\/h2>\n<p>[\/et_pb_text][et_pb_gallery admin_label=\u00bbGaler\u00eda\u00bb gallery_ids=\u00bb494,367,368,497,369,370,371,495,372,373,374,375,376,377,378,379,380,381,382,383,384,385,386,387,388,389,390,391,392,393,394,395,396,397,398,399,400,401,402,403,404,405,406,407,408,409,410,411,412,413,414,415,416,417,418,419,420,421,422,423,424,425,426,427,428,429,430,431,432,433,434,435,436,437,438,439,440,441,442,443,444,445,446,447,448,449,450,451,452,453,454,496,455,456,457,458,459,460,461,462,463,464,465,466,467,468,469,470,471,472,473,474,475,476,477,478,479,480,481,482,483,484,485,486,487,488,489,490,491,492,493&#8243; fullwidth=\u00bboff\u00bb posts_number=\u00bb12&#8243; show_title_and_caption=\u00bboff\u00bb show_pagination=\u00bbon\u00bb background_layout=\u00bbdark\u00bb auto=\u00bboff\u00bb hover_overlay_color=\u00bbrgba(255,255,255,0.9)\u00bb caption_all_caps=\u00bboff\u00bb use_border_color=\u00bboff\u00bb border_color=\u00bb#ffffff\u00bb border_style=\u00bbsolid\u00bb]<br \/>\n[\/et_pb_gallery][\/et_pb_column][\/et_pb_row][\/et_pb_section][et_pb_section admin_label=\u00bbsection\u00bb transparent_background=\u00bboff\u00bb background_color=\u00bb#000000&#8243; allow_player_pause=\u00bboff\u00bb inner_shadow=\u00bbon\u00bb parallax=\u00bbon\u00bb parallax_method=\u00bboff\u00bb padding_mobile=\u00bboff\u00bb make_fullwidth=\u00bboff\u00bb use_custom_width=\u00bboff\u00bb width_unit=\u00bbon\u00bb make_equal=\u00bboff\u00bb use_custom_gutter=\u00bboff\u00bb module_id=\u00bbmusica\u00bb background_image=\u00bbhttps:\/\/lacasaclaypole.org.ar\/jazzenclaypole\/wp-content\/uploads\/2016\/06\/SCALANDRUM-2.jpg\u00bb][et_pb_row admin_label=\u00bbFila\u00bb make_fullwidth=\u00bbon\u00bb use_custom_width=\u00bboff\u00bb width_unit=\u00bbon\u00bb use_custom_gutter=\u00bboff\u00bb padding_mobile=\u00bboff\u00bb allow_player_pause=\u00bboff\u00bb parallax=\u00bboff\u00bb parallax_method=\u00bboff\u00bb make_equal=\u00bboff\u00bb parallax_1=\u00bboff\u00bb parallax_method_1=\u00bboff\u00bb column_padding_mobile=\u00bbon\u00bb][et_pb_column type=\u00bb4_4&#8243;][et_pb_text admin_label=\u00bb LA M\u00daSICA DEL JAZZ EN CLAYPOLE\u00bb background_layout=\u00bbdark\u00bb text_orientation=\u00bbleft\u00bb use_border_color=\u00bboff\u00bb border_color=\u00bb#ffffff\u00bb border_style=\u00bbsolid\u00bb]<\/p>\n<h2 style=\"text-align: center;\">\u00a0 LA M\u00daSICA DEL JAZZ EN CLAYPOLE<\/h2>\n<p>[\/et_pb_text][et_pb_text admin_label=\u00bbTexto\u00bb background_layout=\u00bblight\u00bb text_orientation=\u00bbcenter\u00bb use_border_color=\u00bboff\u00bb border_color=\u00bb#ffffff\u00bb border_style=\u00bbsolid\u00bb]<\/p>\n<p><iframe loading=\"lazy\" src=\"https:\/\/www.youtube.com\/embed\/videoseries?list=PL31SG-oPqE7MXL-CtVfBErA37HGCh8q1J\" width=\"600\" height=\"300\" frameborder=\"0\" allowfullscreen=\"allowfullscreen\"><\/iframe><\/p>\n<p>[\/et_pb_text][\/et_pb_column][\/et_pb_row][\/et_pb_section][et_pb_section admin_label=\u00bbsection\u00bb transparent_background=\u00bboff\u00bb background_color=\u00bb#000000&#8243; allow_player_pause=\u00bboff\u00bb inner_shadow=\u00bbon\u00bb parallax=\u00bbon\u00bb parallax_method=\u00bboff\u00bb padding_mobile=\u00bboff\u00bb make_fullwidth=\u00bboff\u00bb use_custom_width=\u00bboff\u00bb width_unit=\u00bbon\u00bb make_equal=\u00bboff\u00bb use_custom_gutter=\u00bboff\u00bb module_id=\u00bbnotas\u00bb background_image=\u00bbhttps:\/\/lacasaclaypole.org.ar\/jazzenclaypole\/wp-content\/uploads\/2016\/06\/FATTORUSO-4.jpg\u00bb custom_css_main_element=\u00bbpadding-bottom:200px;\u00bb custom_padding=\u00bb||250px|\u00bb][et_pb_row admin_label=\u00bbFila\u00bb make_fullwidth=\u00bbon\u00bb use_custom_width=\u00bboff\u00bb width_unit=\u00bbon\u00bb use_custom_gutter=\u00bboff\u00bb padding_mobile=\u00bboff\u00bb allow_player_pause=\u00bboff\u00bb parallax=\u00bboff\u00bb parallax_method=\u00bboff\u00bb make_equal=\u00bboff\u00bb parallax_1=\u00bboff\u00bb parallax_method_1=\u00bboff\u00bb column_padding_mobile=\u00bbon\u00bb][et_pb_column type=\u00bb4_4&#8243;][et_pb_text admin_label=\u00bbNOTAS\u00bb background_layout=\u00bbdark\u00bb text_orientation=\u00bbleft\u00bb use_border_color=\u00bboff\u00bb border_color=\u00bb#ffffff\u00bb border_style=\u00bbsolid\u00bb]<\/p>\n<h2 style=\"text-align: center;\">NOTAS<\/h2>\n<p>[\/et_pb_text][\/et_pb_column][\/et_pb_row][et_pb_row admin_label=\u00bbFila\u00bb make_fullwidth=\u00bbon\u00bb use_custom_width=\u00bboff\u00bb width_unit=\u00bbon\u00bb use_custom_gutter=\u00bboff\u00bb padding_mobile=\u00bboff\u00bb allow_player_pause=\u00bboff\u00bb parallax=\u00bboff\u00bb parallax_method=\u00bboff\u00bb make_equal=\u00bboff\u00bb parallax_1=\u00bboff\u00bb parallax_method_1=\u00bboff\u00bb column_padding_mobile=\u00bbon\u00bb][et_pb_column type=\u00bb1_4&#8243;][et_pb_text admin_label=\u00bbTexto\u00bb background_layout=\u00bblight\u00bb text_orientation=\u00bbleft\u00bb use_border_color=\u00bboff\u00bb border_color=\u00bb#ffffff\u00bb border_style=\u00bbsolid\u00bb custom_css_main_element=\u00bbopacity:0;\u00bb]<\/p>\n<p>jazz en claypole<\/p>\n<p>[\/et_pb_text][\/et_pb_column][et_pb_column type=\u00bb1_2&#8243;][et_pb_text admin_label=\u00bbTexto\u00bb background_layout=\u00bbdark\u00bb text_orientation=\u00bbcenter\u00bb use_border_color=\u00bboff\u00bb border_color=\u00bb#ffffff\u00bb border_style=\u00bbsolid\u00bb background_color=\u00bbrgba(0,0,0,0.77)\u00bb]<\/p>\n<p>\u201cLa premier fue el 16 de octubre en el teatro de LA CASA, repleto de vecinos y amigos, a donde fuimos con el m\u00fasico Pablo Tozzi \u2013de Avellaneda\u2013 y el periodista Hugo Montero de la revista Sudestada. Se trataba de hilvanar algunas reflexiones posteriores a lo que \u00edbamos a ver. En mi caso, no pude balbucear m\u00e1s que alguna idea inconclusa porque la pel\u00edcula me pas\u00f3 por arriba. No s\u00f3lo por la belleza de las im\u00e1genes y de la banda sonora, articulados en un contrapunto de mundos aparentemente antit\u00e9ticos: el barrio, el ferrocarril, los vecinos, los perros de la calle; los m\u00fasicos de jazz, argentinos y extranjeros, del Conurbano sur y del \u201ccentro\u201d; la m\u00fasica sofisticada y bella, el escenario y las luces, los charcos de los pavimentos baratos, las casas pobres.\u201d<br \/>\nBerenice Corti, DIARIO TIEMPO ARGENTINO, 29 de noviembre de 2015.<\/p>\n<p>[\/et_pb_text][et_pb_button admin_label=\u00bbBot\u00f3n\u00bb button_url=\u00bbhttps:\/\/lacasaclaypole.org.ar\/jazzenclaypole\/wp-content\/uploads\/2016\/06\/REVISTA-SUDESTADA.pdf\u00bb url_new_window=\u00bbon\u00bb button_text=\u00bbRevista Sudestada\u00bb button_alignment=\u00bbcenter\u00bb background_layout=\u00bblight\u00bb custom_button=\u00bbon\u00bb button_letter_spacing=\u00bb0&#8243; button_use_icon=\u00bbdefault\u00bb button_icon_placement=\u00bbright\u00bb button_on_hover=\u00bbon\u00bb button_letter_spacing_hover=\u00bb0&#8243; button_bg_color=\u00bb#1c1c1c\u00bb button_text_color=\u00bb#fcfcfc\u00bb button_border_color=\u00bb#fcfcfc\u00bb]<br \/>\n[\/et_pb_button][et_pb_button admin_label=\u00bbBot\u00f3n\u00bb button_url=\u00bbhttps:\/\/lacasaclaypole.org.ar\/jazzenclaypole\/wp-content\/uploads\/2016\/06\/tiempo-argentino.jpg\u00bb url_new_window=\u00bboff\u00bb button_text=\u00bbInfo News\u00bb button_alignment=\u00bbcenter\u00bb background_layout=\u00bblight\u00bb custom_button=\u00bboff\u00bb button_letter_spacing=\u00bb0&#8243; button_use_icon=\u00bbdefault\u00bb button_icon_placement=\u00bbright\u00bb button_on_hover=\u00bbon\u00bb button_letter_spacing_hover=\u00bb0&#8243; custom_css_main_element=\u00bbdisplay:none !important;\u00bb]<br \/>\n[\/et_pb_button][et_pb_button admin_label=\u00bbBot\u00f3n\u00bb button_url=\u00bbhttps:\/\/jazzycultura.wordpress.com\/2015\/11\/30\/milagros-de-jazz-en-el-conurbano-sur\/\u00bb url_new_window=\u00bbon\u00bb button_text=\u00bbJazz y Cultura\u00bb button_alignment=\u00bbcenter\u00bb background_layout=\u00bblight\u00bb custom_button=\u00bbon\u00bb button_letter_spacing=\u00bb0&#8243; button_use_icon=\u00bbdefault\u00bb button_icon_placement=\u00bbright\u00bb button_on_hover=\u00bbon\u00bb button_letter_spacing_hover=\u00bb0&#8243; button_bg_color=\u00bb#1c1c1c\u00bb button_text_color=\u00bb#fcfcfc\u00bb button_border_color=\u00bb#fcfcfc\u00bb]<br \/>\n[\/et_pb_button][et_pb_button admin_label=\u00bbBot\u00f3n\u00bb button_url=\u00bbhttp:\/\/cinefreaks.net\/2016\/10\/17\/jazz-en-claypole-festival-de-cine-inusual-documentales\/\u00bb url_new_window=\u00bbon\u00bb button_text=\u00bbCineFreaks\u00bb button_alignment=\u00bbcenter\u00bb background_layout=\u00bblight\u00bb custom_button=\u00bbon\u00bb button_letter_spacing=\u00bb0&#8243; button_use_icon=\u00bbdefault\u00bb button_icon_placement=\u00bbright\u00bb button_on_hover=\u00bbon\u00bb button_letter_spacing_hover=\u00bb0&#8243; button_bg_color=\u00bb#1c1c1c\u00bb button_text_color=\u00bb#fcfcfc\u00bb button_border_color=\u00bb#fcfcfc\u00bb]<br \/>\n[\/et_pb_button][et_pb_button admin_label=\u00bbBot\u00f3n\u00bb button_url=\u00bbhttps:\/\/lacasaclaypole.org.ar\/jazzenclaypole\/wp-content\/uploads\/2016\/06\/tiempo-argentino.jpg\u00bb url_new_window=\u00bbon\u00bb button_text=\u00bbTiempo Argentino\u00bb button_alignment=\u00bbcenter\u00bb background_layout=\u00bblight\u00bb custom_button=\u00bbon\u00bb button_letter_spacing=\u00bb0&#8243; button_use_icon=\u00bbdefault\u00bb button_icon_placement=\u00bbright\u00bb button_on_hover=\u00bbon\u00bb button_letter_spacing_hover=\u00bb0&#8243; button_bg_color=\u00bb#1c1c1c\u00bb button_text_color=\u00bb#fcfcfc\u00bb button_border_color=\u00bb#fcfcfc\u00bb]<br \/>\n[\/et_pb_button][\/et_pb_column][et_pb_column type=\u00bb1_4&#8243;][et_pb_text admin_label=\u00bbTexto\u00bb background_layout=\u00bblight\u00bb text_orientation=\u00bbleft\u00bb use_border_color=\u00bboff\u00bb border_color=\u00bb#ffffff\u00bb border_style=\u00bbsolid\u00bb custom_css_main_element=\u00bbopacity:0;\u00bb]<\/p>\n<p>jazz en claypole<\/p>\n<p>[\/et_pb_text][\/et_pb_column][\/et_pb_row][\/et_pb_section][et_pb_section admin_label=\u00bbsection\u00bb transparent_background=\u00bboff\u00bb background_color=\u00bb#000000&#8243; allow_player_pause=\u00bboff\u00bb inner_shadow=\u00bbon\u00bb parallax=\u00bbon\u00bb parallax_method=\u00bboff\u00bb padding_mobile=\u00bboff\u00bb make_fullwidth=\u00bboff\u00bb use_custom_width=\u00bboff\u00bb width_unit=\u00bbon\u00bb make_equal=\u00bboff\u00bb use_custom_gutter=\u00bboff\u00bb module_id=\u00bbcreditos\u00bb custom_padding=\u00bb||300px|\u00bb][et_pb_row admin_label=\u00bbFila\u00bb make_fullwidth=\u00bbon\u00bb use_custom_width=\u00bboff\u00bb width_unit=\u00bbon\u00bb use_custom_gutter=\u00bboff\u00bb padding_mobile=\u00bboff\u00bb allow_player_pause=\u00bboff\u00bb parallax=\u00bboff\u00bb parallax_method=\u00bboff\u00bb make_equal=\u00bboff\u00bb parallax_1=\u00bboff\u00bb parallax_method_1=\u00bboff\u00bb column_padding_mobile=\u00bbon\u00bb][et_pb_column type=\u00bb4_4&#8243;][et_pb_text admin_label=\u00bbCR\u00c9DITOS\u00bb background_layout=\u00bbdark\u00bb text_orientation=\u00bbleft\u00bb use_border_color=\u00bboff\u00bb border_color=\u00bb#ffffff\u00bb border_style=\u00bbsolid\u00bb]<\/p>\n<h2 style=\"text-align: center;\">CR\u00c9DITOS<\/h2>\n<p>[\/et_pb_text][\/et_pb_column][\/et_pb_row][et_pb_row admin_label=\u00bbFila\u00bb make_fullwidth=\u00bbon\u00bb use_custom_width=\u00bboff\u00bb width_unit=\u00bbon\u00bb use_custom_gutter=\u00bboff\u00bb padding_mobile=\u00bboff\u00bb allow_player_pause=\u00bboff\u00bb parallax=\u00bboff\u00bb parallax_method=\u00bboff\u00bb make_equal=\u00bboff\u00bb parallax_1=\u00bboff\u00bb parallax_method_1=\u00bboff\u00bb column_padding_mobile=\u00bbon\u00bb][et_pb_column type=\u00bb1_3&#8243;][et_pb_text admin_label=\u00bbTexto\u00bb background_layout=\u00bblight\u00bb text_orientation=\u00bbleft\u00bb use_border_color=\u00bboff\u00bb border_color=\u00bb#ffffff\u00bb border_style=\u00bbsolid\u00bb custom_css_main_element=\u00bbopacity:0;\u00bb]<\/p>\n<p>jazz en claypole<\/p>\n<p>[\/et_pb_text][\/et_pb_column][et_pb_column type=\u00bb1_3&#8243;][et_pb_text admin_label=\u00bbTexto\u00bb background_layout=\u00bbdark\u00bb text_orientation=\u00bbleft\u00bb use_border_color=\u00bboff\u00bb border_color=\u00bb#ffffff\u00bb border_style=\u00bbsolid\u00bb]<\/p>\n<p id=\"E319\"><span id=\"E320\" class=\"qowt-font7-Arial\">El film es una realizaci\u00f3n c<\/span><span id=\"E321\" class=\"qowt-font7-Arial\">olectiva del Espacio de Debate y<\/span><span id=\"E322\" class=\"qowt-font7-Arial\"> Cultura <\/span><span id=\"E323\" class=\"qowt-font7-Arial\">LA CASA<\/span><span id=\"E324\" class=\"qowt-font7-Arial\"> y <\/span><span id=\"E326\" class=\"qowt-font7-Arial\">HECho<\/span><span id=\"E328\" class=\"qowt-font7-Arial\"> en <\/span><span id=\"E330\" class=\"qowt-font7-Arial\">Claypole<\/span><span id=\"E332\" class=\"qowt-font7-Arial\">:<\/span><\/p>\n<ul>\n<li id=\"E333\"><span id=\"E334\" class=\"qowt-font7-Arial\">Gui\u00f3n y Direcci\u00f3n: Marcelo Montero y Ernesto <\/span><span id=\"E336\" class=\"qowt-font7-Arial\">Dold\u00e1n<\/span><\/li>\n<li id=\"E338\"><span id=\"E339\" class=\"qowt-font7-Arial\">Entrevistas: Melissa Te\u00f3filo<\/span><\/li>\n<li id=\"E340\"><span id=\"E341\" class=\"qowt-font7-Arial\">Montaje y Posproducci\u00f3n: Ernesto <\/span><span id=\"E343\" class=\"qowt-font7-Arial\">Dold\u00e1n<\/span><\/li>\n<li id=\"E345\"><span id=\"E346\" class=\"qowt-font7-Arial\">Posproducci\u00f3n de Sonido: Javier <\/span><span id=\"E348\" class=\"qowt-font7-Arial\">Amadini<\/span><\/li>\n<li id=\"E350\"><span id=\"E351\" class=\"qowt-font7-Arial\">Dise\u00f1o Gr\u00e1fico: Gabriela <\/span><span id=\"E353\" class=\"qowt-font7-Arial\">Farr\u00e1n<\/span><\/li>\n<li>Dise\u00f1o Web: Gabriel Corbetto<\/li>\n<li id=\"E355\"><span id=\"E356\" class=\"qowt-font7-Arial\">Fotograf\u00eda: Agustina Gonz\u00e1lez <\/span><span id=\"E358\" class=\"qowt-font7-Arial\">Bonorino<\/span><\/li>\n<li id=\"E360\"><span id=\"E361\" class=\"qowt-font7-Arial\">C\u00e1maras: <\/span><span id=\"E363\" class=\"qowt-font7-Arial\">Frederico<\/span><span id=\"E365\" class=\"qowt-font7-Arial\"> Moreira<\/span><\/li>\n<li id=\"E366\"><span id=\"E367\" class=\"qowt-font7-Arial\">C\u00e1maras Auxiliares: Javier <\/span><span id=\"E369\" class=\"qowt-font7-Arial\">Amadini<\/span><span id=\"E371\" class=\"qowt-font7-Arial\">, Ernesto <\/span><span id=\"E373\" class=\"qowt-font7-Arial\">Dold\u00e1n<\/span><span id=\"E375\" class=\"qowt-font7-Arial\">, Agustina Gonz\u00e1lez <\/span><span id=\"E377\" class=\"qowt-font7-Arial\">Bonorino<\/span><span id=\"E379\" class=\"qowt-font7-Arial\"> y <\/span><span id=\"E381\" class=\"qowt-font7-Arial\">Pontenpie<\/span><span id=\"E383\" class=\"qowt-font7-Arial\">.<\/span><\/li>\n<li><span id=\"E385\" class=\"qowt-font7-Arial\">Fotograf\u00edas y Dise\u00f1o de Afiches del Festival: <\/span><span id=\"E387\" class=\"qowt-font7-Arial\">Pontenpie<\/span><span id=\"E389\" class=\"qowt-font7-Arial\"> y Max Rompo.<\/span><\/li>\n<li><span id=\"E389\" class=\"qowt-font7-Arial\">Animaci\u00f3n y Dise\u00f1o de Men\u00fa: Javier Dur\u00e1n y Cris Gonzalez.<\/span><\/li>\n<li>Finalizaci\u00f3n y Mastering de DVD: Juan Ignacio Tallarico<\/li>\n<li>Subtitulado: Lucas Garcia y Marli Mucci.<\/li>\n<li id=\"E390\"><span id=\"E391\" class=\"qowt-font7-Arial\">Producci\u00f3n Ejecutiva: Marcelo Montero.<\/span><\/li>\n<\/ul>\n<p>[\/et_pb_text][\/et_pb_column][et_pb_column type=\u00bb1_3&#8243;][et_pb_text admin_label=\u00bbTexto\u00bb background_layout=\u00bblight\u00bb text_orientation=\u00bbleft\u00bb use_border_color=\u00bboff\u00bb border_color=\u00bb#ffffff\u00bb border_style=\u00bbsolid\u00bb custom_css_main_element=\u00bbopacity:0;\u00bb]<\/p>\n<p>jazz<\/p>\n<p>[\/et_pb_text][\/et_pb_column][\/et_pb_row][\/et_pb_section][et_pb_section admin_label=\u00bbsection\u00bb transparent_background=\u00bboff\u00bb background_color=\u00bb#000000&#8243; allow_player_pause=\u00bboff\u00bb inner_shadow=\u00bbon\u00bb parallax=\u00bboff\u00bb parallax_method=\u00bboff\u00bb padding_mobile=\u00bboff\u00bb make_fullwidth=\u00bboff\u00bb use_custom_width=\u00bboff\u00bb width_unit=\u00bbon\u00bb make_equal=\u00bboff\u00bb use_custom_gutter=\u00bboff\u00bb module_id=\u00bbcontacto\u00bb background_image=\u00bbhttps:\/\/lacasaclaypole.org.ar\/jazzenclaypole\/wp-content\/uploads\/2016\/06\/073-2.jpg\u00bb custom_css_main_element=\u00bbpadding-bottom:200px;\u00bb custom_padding=\u00bb||250px|\u00bb][et_pb_row admin_label=\u00bbFila\u00bb make_fullwidth=\u00bbon\u00bb use_custom_width=\u00bboff\u00bb width_unit=\u00bbon\u00bb use_custom_gutter=\u00bboff\u00bb padding_mobile=\u00bboff\u00bb allow_player_pause=\u00bboff\u00bb parallax=\u00bboff\u00bb parallax_method=\u00bboff\u00bb make_equal=\u00bboff\u00bb parallax_1=\u00bboff\u00bb parallax_method_1=\u00bboff\u00bb column_padding_mobile=\u00bbon\u00bb][et_pb_column type=\u00bb4_4&#8243;][et_pb_text admin_label=\u00bbCONTACTO\u00bb background_layout=\u00bbdark\u00bb text_orientation=\u00bbleft\u00bb use_border_color=\u00bboff\u00bb border_color=\u00bb#ffffff\u00bb border_style=\u00bbsolid\u00bb]<\/p>\n<h2 id=\"E319\" style=\"text-align: center;\">CONTACTO<\/h2>\n<p>[\/et_pb_text][\/et_pb_column][\/et_pb_row][et_pb_row admin_label=\u00bbFila\u00bb make_fullwidth=\u00bbon\u00bb use_custom_width=\u00bboff\u00bb width_unit=\u00bbon\u00bb use_custom_gutter=\u00bboff\u00bb padding_mobile=\u00bboff\u00bb allow_player_pause=\u00bboff\u00bb parallax=\u00bboff\u00bb parallax_method=\u00bboff\u00bb make_equal=\u00bboff\u00bb parallax_1=\u00bboff\u00bb parallax_method_1=\u00bboff\u00bb column_padding_mobile=\u00bbon\u00bb][et_pb_column type=\u00bb1_3&#8243;][et_pb_text admin_label=\u00bbTexto\u00bb background_layout=\u00bblight\u00bb text_orientation=\u00bbleft\u00bb use_border_color=\u00bboff\u00bb border_color=\u00bb#ffffff\u00bb border_style=\u00bbsolid\u00bb custom_css_main_element=\u00bbopacity:0;\u00bb]<\/p>\n<p>jazz en claypole<\/p>\n<p>[\/et_pb_text][\/et_pb_column][et_pb_column type=\u00bb1_3&#8243;][et_pb_text admin_label=\u00bbTexto\u00bb background_layout=\u00bbdark\u00bb text_orientation=\u00bbleft\u00bb use_border_color=\u00bboff\u00bb border_color=\u00bb#ffffff\u00bb border_style=\u00bbsolid\u00bb]<\/p>\n<p style=\"text-align: center;\"><a href=\"http:\/\/www.fb.com\/hechoenclaypole\">www.fb.com\/hechoenclaypole<\/a><\/p>\n<p style=\"text-align: center;\"><a href=\"http:\/\/www.lacasaclaypole.org.ar\/jazzenclaypole\">www.lacasaclaypole.org.ar\/jazzenclaypole<\/a><\/p>\n<p style=\"text-align: center;\"><a href=\"mailto:info@lacasaclaypole.org.ar\">info@lacasaclaypole.org.ar<\/a><\/p>\n<p>[\/et_pb_text][\/et_pb_column][et_pb_column type=\u00bb1_3&#8243;][et_pb_text admin_label=\u00bbTexto\u00bb background_layout=\u00bblight\u00bb text_orientation=\u00bbleft\u00bb use_border_color=\u00bboff\u00bb border_color=\u00bb#ffffff\u00bb border_style=\u00bbsolid\u00bb custom_css_main_element=\u00bbopacity:0;\u00bb]<\/p>\n<p>jazz<\/p>\n<p>[\/et_pb_text][\/et_pb_column][\/et_pb_row][\/et_pb_section]<\/p>\n","protected":false},"excerpt":{"rendered":"<p>SINOPSIS El jazz: un g\u00e9nero que nacido en los guetos negros estadounidenses acaba siendo apropiado por la burgues\u00eda blanca para extra\u00f1arlo de sus or\u00edgenes y hacerlo digerible solo por una peque\u00f1a elite, hasta convertirlo en sin\u00f3nimo de cultura \u201ccool\u201d de un peque\u00f1o grupo privilegiado. Claypole: un barrio t\u00edpico del conurbano sur bonaerense, con gran parte [&hellip;]<\/p>\n","protected":false},"author":1,"featured_media":0,"parent":0,"menu_order":0,"comment_status":"closed","ping_status":"closed","template":"","meta":{"_et_pb_use_builder":"on","_et_pb_old_content":"","_et_gb_content_width":""},"_links":{"self":[{"href":"https:\/\/lacasaclaypole.org.ar\/jazzenclaypole\/wp-json\/wp\/v2\/pages\/4"}],"collection":[{"href":"https:\/\/lacasaclaypole.org.ar\/jazzenclaypole\/wp-json\/wp\/v2\/pages"}],"about":[{"href":"https:\/\/lacasaclaypole.org.ar\/jazzenclaypole\/wp-json\/wp\/v2\/types\/page"}],"author":[{"embeddable":true,"href":"https:\/\/lacasaclaypole.org.ar\/jazzenclaypole\/wp-json\/wp\/v2\/users\/1"}],"replies":[{"embeddable":true,"href":"https:\/\/lacasaclaypole.org.ar\/jazzenclaypole\/wp-json\/wp\/v2\/comments?post=4"}],"version-history":[{"count":130,"href":"https:\/\/lacasaclaypole.org.ar\/jazzenclaypole\/wp-json\/wp\/v2\/pages\/4\/revisions"}],"predecessor-version":[{"id":584,"href":"https:\/\/lacasaclaypole.org.ar\/jazzenclaypole\/wp-json\/wp\/v2\/pages\/4\/revisions\/584"}],"wp:attachment":[{"href":"https:\/\/lacasaclaypole.org.ar\/jazzenclaypole\/wp-json\/wp\/v2\/media?parent=4"}],"curies":[{"name":"wp","href":"https:\/\/api.w.org\/{rel}","templated":true}]}}